{"id":5067,"date":"2026-08-31T18:06:58","date_gmt":"2026-08-31T16:06:58","guid":{"rendered":"https:\/\/sport-alencon.fr\/?page_id=5067"},"modified":"2026-08-31T18:53:20","modified_gmt":"2026-08-31T16:53:20","slug":"foot-jeunes","status":"publish","type":"page","link":"https:\/\/sport-alencon.fr\/index.php\/foot-jeunes\/","title":{"rendered":"Foot Jeunes"},"content":{"rendered":"\t\t<div data-elementor-type=\"wp-page\" data-elementor-id=\"5067\" class=\"elementor elementor-5067\" data-elementor-post-type=\"page\">\n\t\t\t\t\t\t<section class=\"elementor-section elementor-top-section elementor-element elementor-element-55de1e71 elementor-section-boxed elementor-section-height-default elementor-section-height-default\" data-id=\"55de1e71\" data-element_type=\"section\">\n\t\t\t\t\t\t<div class=\"elementor-container elementor-column-gap-default\">\n\t\t\t\t\t<div class=\"elementor-column elementor-col-100 elementor-top-column elementor-element elementor-element-53771967\" data-id=\"53771967\" data-element_type=\"column\">\n\t\t\t<div class=\"elementor-widget-wrap elementor-element-populated\">\n\t\t\t\t\t\t<div class=\"elementor-element elementor-element-4d3ca1b8 elementor-widget elementor-widget-image\" data-id=\"4d3ca1b8\" data-element_type=\"widget\" data-widget_type=\"image.default\">\n\t\t\t\t<div class=\"elementor-widget-container\">\n\t\t\t\t\t\t\t\t\t\t\t\t\t<img fetchpriority=\"high\" decoding=\"async\" width=\"300\" height=\"225\" src=\"https:\/\/sport-alencon.fr\/wp-content\/uploads\/2026\/08\/Le-briefing-du-foot-jeunes-a-St-Francois-300x225.jpeg\" class=\"attachment-medium size-medium wp-image-5078\" alt=\"\" srcset=\"https:\/\/sport-alencon.fr\/wp-content\/uploads\/2026\/08\/Le-briefing-du-foot-jeunes-a-St-Francois-300x225.jpeg 300w, https:\/\/sport-alencon.fr\/wp-content\/uploads\/2026\/08\/Le-briefing-du-foot-jeunes-a-St-Francois-1024x768.jpeg 1024w, https:\/\/sport-alencon.fr\/wp-content\/uploads\/2026\/08\/Le-briefing-du-foot-jeunes-a-St-Francois-768x576.jpeg 768w, https:\/\/sport-alencon.fr\/wp-content\/uploads\/2026\/08\/Le-briefing-du-foot-jeunes-a-St-Francois-1536x1152.jpeg 1536w, https:\/\/sport-alencon.fr\/wp-content\/uploads\/2026\/08\/Le-briefing-du-foot-jeunes-a-St-Francois-2048x1536.jpeg 2048w\" sizes=\"(max-width: 300px) 100vw, 300px\" \/>\t\t\t\t\t\t\t\t\t\t\t\t\t<\/div>\n\t\t\t\t<\/div>\n\t\t\t\t<div class=\"elementor-element elementor-element-5a310a1b elementor-widget elementor-widget-heading\" data-id=\"5a310a1b\" data-element_type=\"widget\" data-widget_type=\"heading.default\">\n\t\t\t\t<div class=\"elementor-widget-container\">\n\t\t\t<h2 class=\"elementor-heading-title elementor-size-default\">Foot Jeunes \u00e0 Alen\u00e7on avec l'ASTMNA<\/h2>\t\t<\/div>\n\t\t\t\t<\/div>\n\t\t\t\t<div class=\"elementor-element elementor-element-795e86b8 elementor-widget elementor-widget-text-editor\" data-id=\"795e86b8\" data-element_type=\"widget\" data-widget_type=\"text-editor.default\">\n\t\t\t\t<div class=\"elementor-widget-container\">\n\t\t\t\t\t\t\t<p>Bienvenue sur notre page d\u00e9di\u00e9e au foot jeunes ! Cette activit\u00e9 offre aux<span data-subtree=\"aimfl,mfl\" data-copy-service-computed-style=\"font-family: &quot;Google Sans&quot;, Arial, sans-serif; font-size: 16px; font-weight: 400; margin: 0px; text-decoration: none; border-bottom: 0px rgb(10, 10, 10);\"> jeunes des bienfaits majeurs pour le\u00a0 d\u00e9veloppement physique, mental et social.\u00a0<\/span><!--TgQPHd|||[]-->Rejoignez l\u2019ASTMNA \u00e0 Alen\u00e7on pour des s\u00e9ances de foot jeunes dynamiques et sportives.<\/p><div class=\"yhAwj\" data-sfc-cp=\"\" data-sfc-root=\"ep\" data-complete=\"true\" data-sfc-inited=\"2\" data-copy-service-computed-style=\"font-family: &quot;Google Sans&quot;, Arial, sans-serif; font-size: 16px; font-weight: 400; margin: 0px; text-decoration: none; border-bottom: 0px rgb(10, 10, 10);\"><!--TgQPHd|||[]--><\/div>\t\t\t\t\t\t<\/div>\n\t\t\t\t<\/div>\n\t\t\t\t<div class=\"elementor-element elementor-element-2601ee67 elementor-widget elementor-widget-heading\" data-id=\"2601ee67\" data-element_type=\"widget\" data-widget_type=\"heading.default\">\n\t\t\t\t<div class=\"elementor-widget-container\">\n\t\t\t<h2 class=\"elementor-heading-title elementor-size-default\">Pourquoi choisir le Foot Jeunes avec l'ASTMNA<\/h2>\t\t<\/div>\n\t\t\t\t<\/div>\n\t\t\t\t<div class=\"elementor-element elementor-element-420638d9 elementor-widget elementor-widget-heading\" data-id=\"420638d9\" data-element_type=\"widget\" data-widget_type=\"heading.default\">\n\t\t\t\t<div class=\"elementor-widget-container\">\n\t\t\t<h2 class=\"elementor-heading-title elementor-size-default\">Renforcement et tonification du corps<\/h2>\t\t<\/div>\n\t\t\t\t<\/div>\n\t\t\t\t<div class=\"elementor-element elementor-element-1da41eb4 elementor-widget elementor-widget-text-editor\" data-id=\"1da41eb4\" data-element_type=\"widget\" data-widget_type=\"text-editor.default\">\n\t\t\t\t<div class=\"elementor-widget-container\">\n\t\t\t\t\t\t\t<div class=\"otQkpb\" role=\"heading\" aria-level=\"3\" data-animation-nesting=\"\" data-sfc-cp=\"\" data-wiz-attrbind=\"aria-level=BhqaIe_t\/fLk2Md\" data-sfc-root=\"ep\" data-complete=\"true\" data-copy-service-computed-style=\"font-family: &quot;Google Sans&quot;, Arial, sans-serif; font-size: 24px; font-weight: 500; margin: 24px 0px 12px; text-decoration: none; border-bottom: 0px rgb(0, 29, 53);\">Les bienfaits physiques du foot jeunes:<!--TgQPHd|||[]--><\/div><div class=\"\" data-bfc=\"\" data-ved=\"2ahUKEwiM-sW9m8uWAxUDU6QEHd92A2YQi4wTegoIAggACAAIBRAB\" data-hveid=\"CAIIAAgACAUQAQ\" data-copy-service-computed-style=\"font-family: &quot;Google Sans&quot;, Arial, sans-serif; font-size: 16px; font-weight: 400; margin: 0px; text-decoration: none; border-bottom: 0px rgb(10, 10, 10);\"><ul><li class=\"Z1qcYe\" data-sfc-cp=\"\" data-sfc-root=\"ep\" data-hveid=\"CAIIAAgACAUQAg\" data-complete=\"true\" data-copy-service-computed-style=\"font-family: &quot;Google Sans&quot;, Arial, sans-serif; font-size: 16px; font-weight: 400; margin: 0px 0px 12px; text-decoration: none; border-bottom: 0px rgb(10, 10, 10);\"><span class=\"iNqyIf\" data-sfc-cp=\"\" data-sfc-root=\"ep\" data-complete=\"true\" data-copy-service-computed-style=\"font-family: &quot;Google Sans&quot;, Arial, sans-serif; font-size: 16px; font-weight: 400; margin: 0px; text-decoration: none; border-bottom: 0px rgb(10, 10, 10);\"><strong class=\"rQesXe MPyX\" data-sfc-cp=\"\" data-sfc-root=\"ep\" data-complete=\"true\" data-copy-service-computed-style=\"font-family: &quot;Google Sans&quot;, Arial, sans-serif; font-size: 16px; font-weight: 700; margin: 0px; text-decoration: none; border-bottom: 0px rgb(10, 10, 10);\">Coordination<!--TgQPHd|||[]--><\/strong> : Am\u00e9liore le contr\u00f4le des mouvements en associant la course et le maniement du ballon.<!--TgQPHd|||[]--><\/span><!--TgQPHd|||[]--><\/li><\/ul><\/div><div class=\"\" data-bfc=\"\" data-ved=\"2ahUKEwiM-sW9m8uWAxUDU6QEHd92A2YQi4wTegoIAggACAAIBRAD\" data-hveid=\"CAIIAAgACAUQAw\" data-copy-service-computed-style=\"font-family: &quot;Google Sans&quot;, Arial, sans-serif; font-size: 16px; font-weight: 400; margin: 0px; text-decoration: none; border-bottom: 0px rgb(10, 10, 10);\"><ul><li class=\"Z1qcYe\" data-sfc-cp=\"\" data-sfc-root=\"ep\" data-hveid=\"CAIIAAgACAUQBA\" data-complete=\"true\" data-copy-service-computed-style=\"font-family: &quot;Google Sans&quot;, Arial, sans-serif; font-size: 16px; font-weight: 400; margin: 0px 0px 12px; text-decoration: none; border-bottom: 0px rgb(10, 10, 10);\"><span class=\"iNqyIf\" data-sfc-cp=\"\" data-sfc-root=\"ep\" data-complete=\"true\" data-copy-service-computed-style=\"font-family: &quot;Google Sans&quot;, Arial, sans-serif; font-size: 16px; font-weight: 400; margin: 0px; text-decoration: none; border-bottom: 0px rgb(10, 10, 10);\"><strong class=\"rQesXe MPyX\" data-sfc-cp=\"\" data-sfc-root=\"ep\" data-complete=\"true\" data-copy-service-computed-style=\"font-family: &quot;Google Sans&quot;, Arial, sans-serif; font-size: 16px; font-weight: 700; margin: 0px; text-decoration: none; border-bottom: 0px rgb(10, 10, 10);\">Syst\u00e8me cardiovasculaire<!--TgQPHd|||[]--><\/strong> : Renforce le c\u0153ur et l&rsquo;endurance gr\u00e2ce \u00e0 l&rsquo;alternance de courses et de sprints.<!--TgQPHd|||[]--><\/span><!--TgQPHd|||[]--><\/li><\/ul><\/div><div class=\"\" data-bfc=\"\" data-ved=\"2ahUKEwiM-sW9m8uWAxUDU6QEHd92A2YQi4wTegoIAggACAAIBRAF\" data-hveid=\"CAIIAAgACAUQBQ\" data-copy-service-computed-style=\"font-family: &quot;Google Sans&quot;, Arial, sans-serif; font-size: 16px; font-weight: 400; margin: 0px; text-decoration: none; border-bottom: 0px rgb(10, 10, 10);\"><ul><li class=\"Z1qcYe\" data-sfc-cp=\"\" data-sfc-root=\"ep\" data-hveid=\"CAIIAAgACAUQBg\" data-complete=\"true\" data-copy-service-computed-style=\"font-family: &quot;Google Sans&quot;, Arial, sans-serif; font-size: 16px; font-weight: 400; margin: 0px 0px 12px; text-decoration: none; border-bottom: 0px rgb(10, 10, 10);\"><span class=\"iNqyIf\" data-sfc-cp=\"\" data-sfc-root=\"ep\" data-complete=\"true\" data-copy-service-computed-style=\"font-family: &quot;Google Sans&quot;, Arial, sans-serif; font-size: 16px; font-weight: 400; margin: 0px; text-decoration: none; border-bottom: 0px rgb(10, 10, 10);\"><strong class=\"rQesXe MPyX\" data-sfc-cp=\"\" data-sfc-root=\"ep\" data-complete=\"true\" data-copy-service-computed-style=\"font-family: &quot;Google Sans&quot;, Arial, sans-serif; font-size: 16px; font-weight: 700; margin: 0px; text-decoration: none; border-bottom: 0px rgb(10, 10, 10);\">Renforcement musculaire<!--TgQPHd|||[]--><\/strong> : D\u00e9veloppe les jambes, le tronc et la densit\u00e9 osseuse de mani\u00e8re \u00e9quilibr\u00e9e.<!--TgQPHd|||[]--><\/span>\u00a0<\/li><\/ul><\/div>\t\t\t\t\t\t<\/div>\n\t\t\t\t<\/div>\n\t\t\t\t<div class=\"elementor-element elementor-element-16099fc3 elementor-widget elementor-widget-heading\" data-id=\"16099fc3\" data-element_type=\"widget\" data-widget_type=\"heading.default\">\n\t\t\t\t<div class=\"elementor-widget-container\">\n\t\t\t<h2 class=\"elementor-heading-title elementor-size-default\">Des bienfaits pour la sant\u00e9<\/h2>\t\t<\/div>\n\t\t\t\t<\/div>\n\t\t\t\t<div class=\"elementor-element elementor-element-35b0e635 elementor-widget elementor-widget-text-editor\" data-id=\"35b0e635\" data-element_type=\"widget\" data-widget_type=\"text-editor.default\">\n\t\t\t\t<div class=\"elementor-widget-container\">\n\t\t\t\t\t\t\t<div class=\"\" data-bfc=\"\" data-ved=\"2ahUKEwiM-sW9m8uWAxUDU6QEHd92A2YQi4wTegoIAggACAAICxAA\" data-hveid=\"CAIIAAgACAsQAA\" data-copy-service-computed-style=\"font-family: &quot;Google Sans&quot;, Arial, sans-serif; font-size: 16px; font-weight: 400; margin: 0px; text-decoration: none; border-bottom: 0px rgb(10, 10, 10);\"><div class=\"otQkpb\" role=\"heading\" aria-level=\"3\" data-animation-nesting=\"\" data-sfc-cp=\"\" data-wiz-attrbind=\"aria-level=BhqaIe_1d\/fLk2Md\" data-sfc-root=\"ep\" data-complete=\"true\" data-copy-service-computed-style=\"font-family: &quot;Google Sans&quot;, Arial, sans-serif; font-size: 24px; font-weight: 500; margin: 24px 0px 12px; text-decoration: none; border-bottom: 0px rgb(0, 29, 53);\">Les bienfaits mentaux et sociaux<!--TgQPHd|||[]--><\/div><\/div><div class=\"\" data-bfc=\"\" data-ved=\"2ahUKEwiM-sW9m8uWAxUDU6QEHd92A2YQi4wTegoIAggACAAIDBAB\" data-hveid=\"CAIIAAgACAwQAQ\" data-copy-service-computed-style=\"font-family: &quot;Google Sans&quot;, Arial, sans-serif; font-size: 16px; font-weight: 400; margin: 0px; text-decoration: none; border-bottom: 0px rgb(10, 10, 10);\"><ul><li class=\"Z1qcYe\" data-sfc-cp=\"\" data-sfc-root=\"ep\" data-hveid=\"CAIIAAgACAwQAg\" data-complete=\"true\" data-copy-service-computed-style=\"font-family: &quot;Google Sans&quot;, Arial, sans-serif; font-size: 16px; font-weight: 400; margin: 0px 0px 12px; text-decoration: none; border-bottom: 0px rgb(10, 10, 10);\"><span class=\"iNqyIf\" data-sfc-cp=\"\" data-sfc-root=\"ep\" data-complete=\"true\" data-copy-service-computed-style=\"font-family: &quot;Google Sans&quot;, Arial, sans-serif; font-size: 16px; font-weight: 400; margin: 0px; text-decoration: none; border-bottom: 0px rgb(10, 10, 10);\"><strong class=\"rQesXe MPyX\" data-sfc-cp=\"\" data-sfc-root=\"ep\" data-complete=\"true\" data-copy-service-computed-style=\"font-family: &quot;Google Sans&quot;, Arial, sans-serif; font-size: 16px; font-weight: 700; margin: 0px; text-decoration: none; border-bottom: 0px rgb(10, 10, 10);\">Esprit d&rsquo;\u00e9quipe<!--TgQPHd|||[]--><\/strong> : Enseigne le partage, le respect des r\u00e8gles et la vie en communaut\u00e9.<!--TgQPHd|||[]--><\/span><!--TgQPHd|||[]--><\/li><\/ul><\/div><div class=\"\" data-bfc=\"\" data-ved=\"2ahUKEwiM-sW9m8uWAxUDU6QEHd92A2YQi4wTegoIAggACAAIDBAD\" data-hveid=\"CAIIAAgACAwQAw\" data-copy-service-computed-style=\"font-family: &quot;Google Sans&quot;, Arial, sans-serif; font-size: 16px; font-weight: 400; margin: 0px; text-decoration: none; border-bottom: 0px rgb(10, 10, 10);\"><ul><li class=\"Z1qcYe\" data-sfc-cp=\"\" data-sfc-root=\"ep\" data-hveid=\"CAIIAAgACAwQBA\" data-complete=\"true\" data-copy-service-computed-style=\"font-family: &quot;Google Sans&quot;, Arial, sans-serif; font-size: 16px; font-weight: 400; margin: 0px 0px 12px; text-decoration: none; border-bottom: 0px rgb(10, 10, 10);\"><span class=\"iNqyIf\" data-sfc-cp=\"\" data-sfc-root=\"ep\" data-complete=\"true\" data-copy-service-computed-style=\"font-family: &quot;Google Sans&quot;, Arial, sans-serif; font-size: 16px; font-weight: 400; margin: 0px; text-decoration: none; border-bottom: 0px rgb(10, 10, 10);\"><strong class=\"rQesXe MPyX\" data-sfc-cp=\"\" data-sfc-root=\"ep\" data-complete=\"true\" data-copy-service-computed-style=\"font-family: &quot;Google Sans&quot;, Arial, sans-serif; font-size: 16px; font-weight: 700; margin: 0px; text-decoration: none; border-bottom: 0px rgb(10, 10, 10);\">Confiance en soi<!--TgQPHd|||[]--><\/strong> : Stimule l&rsquo;estime de soi \u00e0 travers l&rsquo;apprentissage de nouveaux gestes techniques et la r\u00e9ussite collective.<\/span><\/li><li data-sfc-cp=\"\" data-sfc-root=\"ep\" data-hveid=\"CAIIAAgACAwQBA\" data-complete=\"true\" data-copy-service-computed-style=\"font-family: &quot;Google Sans&quot;, Arial, sans-serif; font-size: 16px; font-weight: 400; margin: 0px 0px 12px; text-decoration: none; border-bottom: 0px rgb(10, 10, 10);\"><span class=\"iNqyIf\" data-sfc-cp=\"\" data-sfc-root=\"ep\" data-complete=\"true\" data-copy-service-computed-style=\"font-family: &quot;Google Sans&quot;, Arial, sans-serif; font-size: 16px; font-weight: 400; margin: 0px; text-decoration: none; border-bottom: 0px rgb(10, 10, 10);\"><strong class=\"rQesXe MPyX\" data-sfc-cp=\"\" data-sfc-root=\"ep\" data-complete=\"true\" data-copy-service-computed-style=\"font-family: &quot;Google Sans&quot;, Arial, sans-serif; font-size: 16px; font-weight: 700; margin: 0px; text-decoration: none; border-bottom: 0px rgb(10, 10, 10);\"><!--TgQPHd|||[]--><\/strong><strong>Gestion du stress<\/strong> : Offre un exutoire ludique qui lib\u00e8re les tensions accumul\u00e9es au quotidien.<\/span><\/li><\/ul><\/div>\t\t\t\t\t\t<\/div>\n\t\t\t\t<\/div>\n\t\t\t\t<div class=\"elementor-element elementor-element-7143df4a elementor-widget elementor-widget-heading\" data-id=\"7143df4a\" data-element_type=\"widget\" data-widget_type=\"heading.default\">\n\t\t\t\t<div class=\"elementor-widget-container\">\n\t\t\t<h2 class=\"elementor-heading-title elementor-size-default\">Un encadrement professionnel et exp\u00e9riment\u00e9<\/h2>\t\t<\/div>\n\t\t\t\t<\/div>\n\t\t\t\t<div class=\"elementor-element elementor-element-1c247162 elementor-widget elementor-widget-text-editor\" data-id=\"1c247162\" data-element_type=\"widget\" data-widget_type=\"text-editor.default\">\n\t\t\t\t<div class=\"elementor-widget-container\">\n\t\t\t\t\t\t\t<p>Nos encadrants\u00a0veilleront \u00e0 ce que chacun participe en toute s\u00e9curit\u00e9 et s&rsquo;amuse. Leur approche bienveillante et p\u00e9dagogique garantit une exp\u00e9rience positive pour tous les participants.<\/p>\t\t\t\t\t\t<\/div>\n\t\t\t\t<\/div>\n\t\t\t\t<div class=\"elementor-element elementor-element-4ce54af8 elementor-widget elementor-widget-heading\" data-id=\"4ce54af8\" data-element_type=\"widget\" data-widget_type=\"heading.default\">\n\t\t\t\t<div class=\"elementor-widget-container\">\n\t\t\t<h2 class=\"elementor-heading-title elementor-size-default\">Une exp\u00e9rience enrichissante<\/h2>\t\t<\/div>\n\t\t\t\t<\/div>\n\t\t\t\t<div class=\"elementor-element elementor-element-7bcafa79 elementor-widget elementor-widget-text-editor\" data-id=\"7bcafa79\" data-element_type=\"widget\" data-widget_type=\"text-editor.default\">\n\t\t\t\t<div class=\"elementor-widget-container\">\n\t\t\t\t\t\t\t<p>Le foot jeunes met l&rsquo;accent sur la strat\u00e9gie, la communication et la coop\u00e9ration entre les joueurs. C&rsquo;est un sport qui favorise le jeu d&rsquo;\u00e9quipe et l&rsquo;entraide, offrant ainsi une exp\u00e9rience enrichissante et plaisante. Venez partager des moments de convivialit\u00e9 et renforcer les liens sociaux avec les autres participants<\/p>\t\t\t\t\t\t<\/div>\n\t\t\t\t<\/div>\n\t\t\t\t<div class=\"elementor-element elementor-element-195df0eb elementor-widget elementor-widget-heading\" data-id=\"195df0eb\" data-element_type=\"widget\" data-widget_type=\"heading.default\">\n\t\t\t\t<div class=\"elementor-widget-container\">\n\t\t\t<h2 class=\"elementor-heading-title elementor-size-default\">Notre s\u00e9ance de foot jeunes<\/h2>\t\t<\/div>\n\t\t\t\t<\/div>\n\t\t\t\t<div class=\"elementor-element elementor-element-1f4c499 elementor-widget elementor-widget-text-editor\" data-id=\"1f4c499\" data-element_type=\"widget\" data-widget_type=\"text-editor.default\">\n\t\t\t\t<div class=\"elementor-widget-container\">\n\t\t\t\t\t\t\t<p>Rejoignez nous pour passer un moment convivial et festif chaque semaine le jeudi de 19h15 \u00e0 20h15 avec notre s\u00e9ance de foot jeunes.<\/p>\t\t\t\t\t\t<\/div>\n\t\t\t\t<\/div>\n\t\t\t\t<div class=\"elementor-element elementor-element-63249247 elementor-widget elementor-widget-heading\" data-id=\"63249247\" data-element_type=\"widget\" data-widget_type=\"heading.default\">\n\t\t\t\t<div class=\"elementor-widget-container\">\n\t\t\t<h2 class=\"elementor-heading-title elementor-size-default\">Rejoignez-nous<\/h2>\t\t<\/div>\n\t\t\t\t<\/div>\n\t\t\t\t<div class=\"elementor-element elementor-element-47b031bb elementor-widget elementor-widget-text-editor\" data-id=\"47b031bb\" data-element_type=\"widget\" data-widget_type=\"text-editor.default\">\n\t\t\t\t<div class=\"elementor-widget-container\">\n\t\t\t\t\t\t\t<p>Envie de d\u00e9couvrir les bienfaits du foot jeunes et de vous amusez \u00e0 Alen\u00e7on ? Inscrivez-vous d\u00e8s maintenant \u00e0 notre session et laissez-vous guider par nos experts. L&rsquo;ASTMNA vous accueille avec plaisir dans une ambiance chaleureuse et festive.<\/p><p>Pour plus d&rsquo;informations, n&rsquo;h\u00e9sitez pas \u00e0 nous contacter ou \u00e0 venir nous rendre visite. Nous serons ravis de r\u00e9pondre \u00e0 vos questions et de vous aider \u00e0 trouver la s\u00e9ance qui vous convient le mieux.<\/p>\t\t\t\t\t\t<\/div>\n\t\t\t\t<\/div>\n\t\t\t\t<div class=\"elementor-element elementor-element-5659ae09 elementor-widget elementor-widget-heading\" data-id=\"5659ae09\" data-element_type=\"widget\" data-widget_type=\"heading.default\">\n\t\t\t\t<div class=\"elementor-widget-container\">\n\t\t\t<h2 class=\"elementor-heading-title elementor-size-default\">Contactez-nous<\/h2>\t\t<\/div>\n\t\t\t\t<\/div>\n\t\t\t\t<div class=\"elementor-element elementor-element-ae31665 elementor-widget elementor-widget-text-editor\" data-id=\"ae31665\" data-element_type=\"widget\" data-widget_type=\"text-editor.default\">\n\t\t\t\t<div class=\"elementor-widget-container\">\n\t\t\t\t\t\t\t<ul><li>Email : astmna.61000@gmail.com<\/li><li>T\u00e9l\u00e9phone : 06 74 35 34 89<\/li><\/ul>\t\t\t\t\t\t<\/div>\n\t\t\t\t<\/div>\n\t\t\t\t\t<\/div>\n\t\t<\/div>\n\t\t\t\t\t<\/div>\n\t\t<\/section>\n\t\t\t\t<\/div>\n\t\t","protected":false},"excerpt":{"rendered":"<p>Foot Jeunes \u00e0 Alen\u00e7on avec l&rsquo;ASTMNA Bienvenue sur notre page d\u00e9di\u00e9e au foot jeunes ! Cette activit\u00e9 offre aux jeunes des bienfaits majeurs pour le\u00a0 d\u00e9veloppement physique, mental et social.\u00a0Rejoignez l\u2019ASTMNA \u00e0 Alen\u00e7on pour des s\u00e9ances de foot jeunes dynamiques et sportives. Pourquoi choisir le Foot Jeunes avec l&rsquo;ASTMNA Renforcement et tonification du corps Les [&hellip;]<\/p>\n","protected":false},"author":4,"featured_media":0,"parent":0,"menu_order":0,"comment_status":"closed","ping_status":"closed","template":"elementor_theme","meta":{"footnotes":""},"yoast_head":"<!-- This site is optimized with the Yoast SEO plugin v23.2 - https:\/\/yoast.com\/wordpress\/plugins\/seo\/ -->\n<title>Foot Jeunes - ASTMNA<\/title>\n<meta name=\"robots\" content=\"index, follow, max-snippet:-1, max-image-preview:large, max-video-preview:-1\" \/>\n<link rel=\"canonical\" href=\"https:\/\/sport-alencon.fr\/index.php\/foot-jeunes\/\" \/>\n<meta property=\"og:locale\" content=\"fr_FR\" \/>\n<meta property=\"og:type\" content=\"article\" \/>\n<meta property=\"og:title\" content=\"Foot Jeunes - ASTMNA\" \/>\n<meta property=\"og:description\" content=\"Foot Jeunes \u00e0 Alen\u00e7on avec l&rsquo;ASTMNA Bienvenue sur notre page d\u00e9di\u00e9e au foot jeunes ! Cette activit\u00e9 offre aux jeunes des bienfaits majeurs pour le\u00a0 d\u00e9veloppement physique, mental et social.\u00a0Rejoignez l\u2019ASTMNA \u00e0 Alen\u00e7on pour des s\u00e9ances de foot jeunes dynamiques et sportives. Pourquoi choisir le Foot Jeunes avec l&rsquo;ASTMNA Renforcement et tonification du corps Les [&hellip;]\" \/>\n<meta property=\"og:url\" content=\"https:\/\/sport-alencon.fr\/index.php\/foot-jeunes\/\" \/>\n<meta property=\"og:site_name\" content=\"ASTMNA\" \/>\n<meta property=\"article:publisher\" content=\"https:\/\/facebook.com\/yoast\" \/>\n<meta property=\"article:modified_time\" content=\"2026-08-31T16:53:20+00:00\" \/>\n<meta property=\"og:image\" content=\"https:\/\/sport-alencon.fr\/wp-content\/uploads\/2026\/08\/Le-briefing-du-foot-jeunes-a-St-Francois-300x225.jpeg\" \/>\n<meta name=\"twitter:card\" content=\"summary_large_image\" \/>\n<meta name=\"twitter:label1\" content=\"Dur\u00e9e de lecture estim\u00e9e\" \/>\n\t<meta name=\"twitter:data1\" content=\"3 minutes\" \/>\n<script type=\"application\/ld+json\" class=\"yoast-schema-graph\">{\"@context\":\"https:\/\/schema.org\",\"@graph\":[{\"@type\":\"WebPage\",\"@id\":\"https:\/\/sport-alencon.fr\/index.php\/foot-jeunes\/\",\"url\":\"https:\/\/sport-alencon.fr\/index.php\/foot-jeunes\/\",\"name\":\"Foot Jeunes - ASTMNA\",\"isPartOf\":{\"@id\":\"https:\/\/sport-alencon.fr\/#website\"},\"primaryImageOfPage\":{\"@id\":\"https:\/\/sport-alencon.fr\/index.php\/foot-jeunes\/#primaryimage\"},\"image\":{\"@id\":\"https:\/\/sport-alencon.fr\/index.php\/foot-jeunes\/#primaryimage\"},\"thumbnailUrl\":\"https:\/\/sport-alencon.fr\/wp-content\/uploads\/2026\/08\/Le-briefing-du-foot-jeunes-a-St-Francois-300x225.jpeg\",\"datePublished\":\"2026-08-31T16:06:58+00:00\",\"dateModified\":\"2026-08-31T16:53:20+00:00\",\"breadcrumb\":{\"@id\":\"https:\/\/sport-alencon.fr\/index.php\/foot-jeunes\/#breadcrumb\"},\"inLanguage\":\"fr-FR\",\"potentialAction\":[{\"@type\":\"ReadAction\",\"target\":[\"https:\/\/sport-alencon.fr\/index.php\/foot-jeunes\/\"]}]},{\"@type\":\"ImageObject\",\"inLanguage\":\"fr-FR\",\"@id\":\"https:\/\/sport-alencon.fr\/index.php\/foot-jeunes\/#primaryimage\",\"url\":\"https:\/\/sport-alencon.fr\/wp-content\/uploads\/2026\/08\/Le-briefing-du-foot-jeunes-a-St-Francois-scaled.jpeg\",\"contentUrl\":\"https:\/\/sport-alencon.fr\/wp-content\/uploads\/2026\/08\/Le-briefing-du-foot-jeunes-a-St-Francois-scaled.jpeg\",\"width\":2560,\"height\":1920},{\"@type\":\"BreadcrumbList\",\"@id\":\"https:\/\/sport-alencon.fr\/index.php\/foot-jeunes\/#breadcrumb\",\"itemListElement\":[{\"@type\":\"ListItem\",\"position\":1,\"name\":\"Accueil\",\"item\":\"https:\/\/sport-alencon.fr\/\"},{\"@type\":\"ListItem\",\"position\":2,\"name\":\"Foot Jeunes\"}]},{\"@type\":\"WebSite\",\"@id\":\"https:\/\/sport-alencon.fr\/#website\",\"url\":\"https:\/\/sport-alencon.fr\/\",\"name\":\"ASTMNA\",\"description\":\"Club FSGT Multi-activit\u00e9s \u00e0 Alen\u00e7on\",\"publisher\":{\"@id\":\"https:\/\/sport-alencon.fr\/#organization\"},\"potentialAction\":[{\"@type\":\"SearchAction\",\"target\":{\"@type\":\"EntryPoint\",\"urlTemplate\":\"https:\/\/sport-alencon.fr\/?s={search_term_string}\"},\"query-input\":\"required name=search_term_string\"}],\"inLanguage\":\"fr-FR\"},{\"@type\":\"Organization\",\"@id\":\"https:\/\/sport-alencon.fr\/#organization\",\"name\":\"ASTMNA\",\"url\":\"https:\/\/sport-alencon.fr\/\",\"logo\":{\"@type\":\"ImageObject\",\"inLanguage\":\"fr-FR\",\"@id\":\"https:\/\/sport-alencon.fr\/#\/schema\/logo\/image\/\",\"url\":\"https:\/\/sport-alencon.fr\/wp-content\/uploads\/2021\/03\/20220711140221.png\",\"contentUrl\":\"https:\/\/sport-alencon.fr\/wp-content\/uploads\/2021\/03\/20220711140221.png\",\"width\":500,\"height\":510,\"caption\":\"ASTMNA\"},\"image\":{\"@id\":\"https:\/\/sport-alencon.fr\/#\/schema\/logo\/image\/\"},\"sameAs\":[\"https:\/\/facebook.com\/yoast\"]}]}<\/script>\n<!-- \/ Yoast SEO plugin. -->","yoast_head_json":{"title":"Foot Jeunes - ASTMNA","robots":{"index":"index","follow":"follow","max-snippet":"max-snippet:-1","max-image-preview":"max-image-preview:large","max-video-preview":"max-video-preview:-1"},"canonical":"https:\/\/sport-alencon.fr\/index.php\/foot-jeunes\/","og_locale":"fr_FR","og_type":"article","og_title":"Foot Jeunes - ASTMNA","og_description":"Foot Jeunes \u00e0 Alen\u00e7on avec l&rsquo;ASTMNA Bienvenue sur notre page d\u00e9di\u00e9e au foot jeunes ! Cette activit\u00e9 offre aux jeunes des bienfaits majeurs pour le\u00a0 d\u00e9veloppement physique, mental et social.\u00a0Rejoignez l\u2019ASTMNA \u00e0 Alen\u00e7on pour des s\u00e9ances de foot jeunes dynamiques et sportives. Pourquoi choisir le Foot Jeunes avec l&rsquo;ASTMNA Renforcement et tonification du corps Les [&hellip;]","og_url":"https:\/\/sport-alencon.fr\/index.php\/foot-jeunes\/","og_site_name":"ASTMNA","article_publisher":"https:\/\/facebook.com\/yoast","article_modified_time":"2026-08-31T16:53:20+00:00","og_image":[{"url":"https:\/\/sport-alencon.fr\/wp-content\/uploads\/2026\/08\/Le-briefing-du-foot-jeunes-a-St-Francois-300x225.jpeg"}],"twitter_card":"summary_large_image","twitter_misc":{"Dur\u00e9e de lecture estim\u00e9e":"3 minutes"},"schema":{"@context":"https:\/\/schema.org","@graph":[{"@type":"WebPage","@id":"https:\/\/sport-alencon.fr\/index.php\/foot-jeunes\/","url":"https:\/\/sport-alencon.fr\/index.php\/foot-jeunes\/","name":"Foot Jeunes - ASTMNA","isPartOf":{"@id":"https:\/\/sport-alencon.fr\/#website"},"primaryImageOfPage":{"@id":"https:\/\/sport-alencon.fr\/index.php\/foot-jeunes\/#primaryimage"},"image":{"@id":"https:\/\/sport-alencon.fr\/index.php\/foot-jeunes\/#primaryimage"},"thumbnailUrl":"https:\/\/sport-alencon.fr\/wp-content\/uploads\/2026\/08\/Le-briefing-du-foot-jeunes-a-St-Francois-300x225.jpeg","datePublished":"2026-08-31T16:06:58+00:00","dateModified":"2026-08-31T16:53:20+00:00","breadcrumb":{"@id":"https:\/\/sport-alencon.fr\/index.php\/foot-jeunes\/#breadcrumb"},"inLanguage":"fr-FR","potentialAction":[{"@type":"ReadAction","target":["https:\/\/sport-alencon.fr\/index.php\/foot-jeunes\/"]}]},{"@type":"ImageObject","inLanguage":"fr-FR","@id":"https:\/\/sport-alencon.fr\/index.php\/foot-jeunes\/#primaryimage","url":"https:\/\/sport-alencon.fr\/wp-content\/uploads\/2026\/08\/Le-briefing-du-foot-jeunes-a-St-Francois-scaled.jpeg","contentUrl":"https:\/\/sport-alencon.fr\/wp-content\/uploads\/2026\/08\/Le-briefing-du-foot-jeunes-a-St-Francois-scaled.jpeg","width":2560,"height":1920},{"@type":"BreadcrumbList","@id":"https:\/\/sport-alencon.fr\/index.php\/foot-jeunes\/#breadcrumb","itemListElement":[{"@type":"ListItem","position":1,"name":"Accueil","item":"https:\/\/sport-alencon.fr\/"},{"@type":"ListItem","position":2,"name":"Foot Jeunes"}]},{"@type":"WebSite","@id":"https:\/\/sport-alencon.fr\/#website","url":"https:\/\/sport-alencon.fr\/","name":"ASTMNA","description":"Club FSGT Multi-activit\u00e9s \u00e0 Alen\u00e7on","publisher":{"@id":"https:\/\/sport-alencon.fr\/#organization"},"potentialAction":[{"@type":"SearchAction","target":{"@type":"EntryPoint","urlTemplate":"https:\/\/sport-alencon.fr\/?s={search_term_string}"},"query-input":"required name=search_term_string"}],"inLanguage":"fr-FR"},{"@type":"Organization","@id":"https:\/\/sport-alencon.fr\/#organization","name":"ASTMNA","url":"https:\/\/sport-alencon.fr\/","logo":{"@type":"ImageObject","inLanguage":"fr-FR","@id":"https:\/\/sport-alencon.fr\/#\/schema\/logo\/image\/","url":"https:\/\/sport-alencon.fr\/wp-content\/uploads\/2021\/03\/20220711140221.png","contentUrl":"https:\/\/sport-alencon.fr\/wp-content\/uploads\/2021\/03\/20220711140221.png","width":500,"height":510,"caption":"ASTMNA"},"image":{"@id":"https:\/\/sport-alencon.fr\/#\/schema\/logo\/image\/"},"sameAs":["https:\/\/facebook.com\/yoast"]}]}},"_links":{"self":[{"href":"https:\/\/sport-alencon.fr\/index.php\/wp-json\/wp\/v2\/pages\/5067"}],"collection":[{"href":"https:\/\/sport-alencon.fr\/index.php\/wp-json\/wp\/v2\/pages"}],"about":[{"href":"https:\/\/sport-alencon.fr\/index.php\/wp-json\/wp\/v2\/types\/page"}],"author":[{"embeddable":true,"href":"https:\/\/sport-alencon.fr\/index.php\/wp-json\/wp\/v2\/users\/4"}],"replies":[{"embeddable":true,"href":"https:\/\/sport-alencon.fr\/index.php\/wp-json\/wp\/v2\/comments?post=5067"}],"version-history":[{"count":17,"href":"https:\/\/sport-alencon.fr\/index.php\/wp-json\/wp\/v2\/pages\/5067\/revisions"}],"predecessor-version":[{"id":5097,"href":"https:\/\/sport-alencon.fr\/index.php\/wp-json\/wp\/v2\/pages\/5067\/revisions\/5097"}],"wp:attachment":[{"href":"https:\/\/sport-alencon.fr\/index.php\/wp-json\/wp\/v2\/media?parent=5067"}],"curies":[{"name":"wp","href":"https:\/\/api.w.org\/{rel}","templated":true}]}}